{"id":8897,"date":"2024-03-07T16:27:02","date_gmt":"2024-03-07T13:27:02","guid":{"rendered":"https:\/\/palmiyesusleme.com\/index.php\/urun\/yarim-kollu-rattan-sandalye\/"},"modified":"2024-03-07T16:27:14","modified_gmt":"2024-03-07T13:27:14","slug":"yarim-kollu-rattan-sandalye","status":"publish","type":"product","link":"https:\/\/palmiyesusleme.com\/index.php\/urun\/yarim-kollu-rattan-sandalye\/","title":{"rendered":"Yar\u0131m Kollu Rattan Sandalye"},"content":{"rendered":"<p>&lt;p&gt;Yar\u0131m Kollu Rattan Sandalye- rbs5255 &#8211; Bah\u00e7e Sandalyeleri&amp;nbsp;&lt;br&gt;&lt;\/p&gt;&lt;p style=&quot;text-align: center; &quot;&gt;&lt;img src=&quot;https:\/\/www.palmiyekocak.com\/image\/catalog\/urun\/rattan-sandalye\/kapak454545-min.jpg&quot; style=&quot;width: 1303px;&quot;&gt;&lt;\/p&gt;&lt;p style=&quot;text-align: center; &quot;&gt;&lt;br&gt;&lt;\/p&gt;&lt;p style=&quot;text-align: center; &quot;&gt;&lt;br&gt;&lt;\/p&gt;&lt;p style=&quot;text-align: center; &quot;&gt;&lt;br&gt;&lt;\/p&gt;&lt;p style=&quot;text-align: center; &quot;&gt;&lt;img src=&quot;https:\/\/www.palmiyekocak.com\/image\/catalog\/urun\/rattan-sandalye\/222-min.jpg&quot; style=&quot;text-align: start; width: 1303px;&quot;&gt;&lt;\/p&gt;&lt;p style=&quot;text-align: center; &quot;&gt;&lt;br&gt;&lt;\/p&gt;&lt;p style=&quot;text-align: center; &quot;&gt;&lt;br&gt;&lt;\/p&gt;&lt;p style=&quot;text-align: center; &quot;&gt;&lt;br&gt;&lt;\/p&gt;&lt;p style=&quot;text-align: center; &quot;&gt;&lt;img src=&quot;https:\/\/www.palmiyekocak.com\/image\/catalog\/urun\/rattan-sandalye\/333-min.jpg&quot; style=&quot;text-align: start; width: 1303px;&quot;&gt;&lt;\/p&gt;&lt;p style=&quot;text-align: center; &quot;&gt;&lt;br&gt;&lt;\/p&gt;&lt;p style=&quot;text-align: center; &quot;&gt;&lt;br&gt;&lt;\/p&gt;&lt;p style=&quot;text-align: center; &quot;&gt;&lt;img src=&quot;https:\/\/www.palmiyekocak.com\/image\/catalog\/urun\/rattan-sandalye\/444-min.jpg&quot; style=&quot;text-align: start; width: 1303px;&quot;&gt;&lt;\/p&gt;&lt;p style=&quot;text-align: center; &quot;&gt;&lt;br&gt;&lt;\/p&gt;&lt;p style=&quot;text-align: center; &quot;&gt;&lt;br&gt;&lt;\/p&gt;&lt;p style=&quot;text-align: center; border: 0px solid rgb(217, 217, 227); &#8211;tw-border-spacing-x: 0; &#8211;tw-border-spacing-y: 0; &#8211;tw-translate-x: 0; &#8211;tw-translate-y: 0; &#8211;tw-rotate: 0; &#8211;tw-skew-x: 0; &#8211;tw-skew-y: 0; &#8211;tw-scale-x: 1; &#8211;tw-scale-y: 1; &#8211;tw-pan-x: ; &#8211;tw-pan-y: ; &#8211;tw-pinch-zoom: ; &#8211;tw-scroll-snap-strictness: proximity; &#8211;tw-gradient-from-position: ; &#8211;tw-gradient-via-position: ; &#8211;tw-gradient-to-position: ; &#8211;tw-ordinal: ; &#8211;tw-slashed-zero: ; &#8211;tw-numeric-figure: ; &#8211;tw-numeric-spacing: ; &#8211;tw-numeric-fraction: ; &#8211;tw-ring-inset: ; &#8211;tw-ring-offset-width: 0px; &#8211;tw-ring-offset-color: #fff; &#8211;tw-ring-color: rgba(69,89,164,.5); &#8211;tw-ring-offset-shadow: 0 0 transparent; &#8211;tw-ring-shadow: 0 0 transparent; &#8211;tw-shadow: 0 0 transparent; &#8211;tw-shadow-colored: 0 0 transparent; &#8211;tw-blur: ; &#8211;tw-brightness: ; &#8211;tw-contrast: ; &#8211;tw-grayscale: ; &#8211;tw-hue-rotate: ; &#8211;tw-invert: ; &#8211;tw-saturate: ; &#8211;tw-sepia: ; &#8211;tw-drop-shadow: ; &#8211;tw-backdrop-blur: ; &#8211;tw-backdrop-brightness: ; &#8211;tw-backdrop-contrast: ; &#8211;tw-backdrop-grayscale: ; &#8211;tw-backdrop-hue-rotate: ; &#8211;tw-backdrop-invert: ; &#8211;tw-backdrop-opacity: ; &#8211;tw-backdrop-saturate: ; &#8211;tw-backdrop-sepia: ; margin-bottom: 1.25em;&quot;&gt;G\u00fcn\u00fcm\u00fczde, i\u00e7 ve d\u0131\u015f mekanlarda kullan\u0131lan mobilyalar\u0131n tasar\u0131m\u0131 ve konforu b\u00fcy\u00fck \u00f6nem ta\u015f\u0131maktad\u0131r. Estetik bir g\u00f6r\u00fcn\u00fcm ve rahat bir oturma deneyimi sunan mobilyalar, t\u00fcketiciler aras\u0131nda pop\u00fclerlik kazanmaktad\u0131r. Palmiye Ko\u00e7ak&#039;\u0131n \u00fcretti\u011fi yar\u0131m kollu rattan sandalye de bu yenilik\u00e7i ve \u015f\u0131k \u00fcr\u00fcnlerden biridir.&lt;\/p&gt;&lt;p style=&quot;text-align: center; border: 0px solid rgb(217, 217, 227); &#8211;tw-border-spacing-x: 0; &#8211;tw-border-spacing-y: 0; &#8211;tw-translate-x: 0; &#8211;tw-translate-y: 0; &#8211;tw-rotate: 0; &#8211;tw-skew-x: 0; &#8211;tw-skew-y: 0; &#8211;tw-scale-x: 1; &#8211;tw-scale-y: 1; &#8211;tw-pan-x: ; &#8211;tw-pan-y: ; &#8211;tw-pinch-zoom: ; &#8211;tw-scroll-snap-strictness: proximity; &#8211;tw-gradient-from-position: ; &#8211;tw-gradient-via-position: ; &#8211;tw-gradient-to-position: ; &#8211;tw-ordinal: ; &#8211;tw-slashed-zero: ; &#8211;tw-numeric-figure: ; &#8211;tw-numeric-spacing: ; &#8211;tw-numeric-fraction: ; &#8211;tw-ring-inset: ; &#8211;tw-ring-offset-width: 0px; &#8211;tw-ring-offset-color: #fff; &#8211;tw-ring-color: rgba(69,89,164,.5); &#8211;tw-ring-offset-shadow: 0 0 transparent; &#8211;tw-ring-shadow: 0 0 transparent; &#8211;tw-shadow: 0 0 transparent; &#8211;tw-shadow-colored: 0 0 transparent; &#8211;tw-blur: ; &#8211;tw-brightness: ; &#8211;tw-contrast: ; &#8211;tw-grayscale: ; &#8211;tw-hue-rotate: ; &#8211;tw-invert: ; &#8211;tw-saturate: ; &#8211;tw-sepia: ; &#8211;tw-drop-shadow: ; &#8211;tw-backdrop-blur: ; &#8211;tw-backdrop-brightness: ; &#8211;tw-backdrop-contrast: ; &#8211;tw-backdrop-grayscale: ; &#8211;tw-backdrop-hue-rotate: ; &#8211;tw-backdrop-invert: ; &#8211;tw-backdrop-opacity: ; &#8211;tw-backdrop-saturate: ; &#8211;tw-backdrop-sepia: ; margin-top: 1.25em; margin-bottom: 1.25em;&quot;&gt;Yar\u0131m kollu rattan sandalye, minimalist bir tasar\u0131ma sahip olup i\u00e7 mekanlarda oturma odalar\u0131, yemek odalar\u0131 veya ofislerde kullan\u0131labilece\u011fi gibi, d\u0131\u015f mekanlarda bah\u00e7eler, teraslar veya balkonlar gibi alanlarda da \u015f\u0131kl\u0131k ve konfor sunar. Sandalyenin yar\u0131m kollu tasar\u0131m\u0131, kullan\u0131c\u0131lara daha fazla hareket \u00f6zg\u00fcrl\u00fc\u011f\u00fc ve rahatl\u0131k sa\u011flar.&lt;\/p&gt;&lt;p style=&quot;text-align: center; border: 0px solid rgb(217, 217, 227); &#8211;tw-border-spacing-x: 0; &#8211;tw-border-spacing-y: 0; &#8211;tw-translate-x: 0; &#8211;tw-translate-y: 0; &#8211;tw-rotate: 0; &#8211;tw-skew-x: 0; &#8211;tw-skew-y: 0; &#8211;tw-scale-x: 1; &#8211;tw-scale-y: 1; &#8211;tw-pan-x: ; &#8211;tw-pan-y: ; &#8211;tw-pinch-zoom: ; &#8211;tw-scroll-snap-strictness: proximity; &#8211;tw-gradient-from-position: ; &#8211;tw-gradient-via-position: ; &#8211;tw-gradient-to-position: ; &#8211;tw-ordinal: ; &#8211;tw-slashed-zero: ; &#8211;tw-numeric-figure: ; &#8211;tw-numeric-spacing: ; &#8211;tw-numeric-fraction: ; &#8211;tw-ring-inset: ; &#8211;tw-ring-offset-width: 0px; &#8211;tw-ring-offset-color: #fff; &#8211;tw-ring-color: rgba(69,89,164,.5); &#8211;tw-ring-offset-shadow: 0 0 transparent; &#8211;tw-ring-shadow: 0 0 transparent; &#8211;tw-shadow: 0 0 transparent; &#8211;tw-shadow-colored: 0 0 transparent; &#8211;tw-blur: ; &#8211;tw-brightness: ; &#8211;tw-contrast: ; &#8211;tw-grayscale: ; &#8211;tw-hue-rotate: ; &#8211;tw-invert: ; &#8211;tw-saturate: ; &#8211;tw-sepia: ; &#8211;tw-drop-shadow: ; &#8211;tw-backdrop-blur: ; &#8211;tw-backdrop-brightness: ; &#8211;tw-backdrop-contrast: ; &#8211;tw-backdrop-grayscale: ; &#8211;tw-backdrop-hue-rotate: ; &#8211;tw-backdrop-invert: ; &#8211;tw-backdrop-opacity: ; &#8211;tw-backdrop-saturate: ; &#8211;tw-backdrop-sepia: ; margin-top: 1.25em; margin-bottom: 1.25em;&quot;&gt;Rattan malzemesi, sandalyenin estetik ve dayan\u0131kl\u0131l\u0131k a\u00e7\u0131s\u0131ndan \u00f6nemli \u00f6zelliklerini belirler. Rattan, do\u011fal bir malzeme olup genellikle palmiye a\u011fa\u00e7lar\u0131ndan elde edilir. Bu malzeme, sandalyeye do\u011fal bir zarafet ve \u015f\u0131kl\u0131k katar. Ayn\u0131 zamanda rattan malzemesi, hafif ancak sa\u011flam yap\u0131s\u0131yla bilinir ve uzun \u00f6m\u00fcrl\u00fc kullan\u0131m i\u00e7in idealdir.&lt;\/p&gt;&lt;p style=&quot;text-align: center; border: 0px solid rgb(217, 217, 227); &#8211;tw-border-spacing-x: 0; &#8211;tw-border-spacing-y: 0; &#8211;tw-translate-x: 0; &#8211;tw-translate-y: 0; &#8211;tw-rotate: 0; &#8211;tw-skew-x: 0; &#8211;tw-skew-y: 0; &#8211;tw-scale-x: 1; &#8211;tw-scale-y: 1; &#8211;tw-pan-x: ; &#8211;tw-pan-y: ; &#8211;tw-pinch-zoom: ; &#8211;tw-scroll-snap-strictness: proximity; &#8211;tw-gradient-from-position: ; &#8211;tw-gradient-via-position: ; &#8211;tw-gradient-to-position: ; &#8211;tw-ordinal: ; &#8211;tw-slashed-zero: ; &#8211;tw-numeric-figure: ; &#8211;tw-numeric-spacing: ; &#8211;tw-numeric-fraction: ; &#8211;tw-ring-inset: ; &#8211;tw-ring-offset-width: 0px; &#8211;tw-ring-offset-color: #fff; &#8211;tw-ring-color: rgba(69,89,164,.5); &#8211;tw-ring-offset-shadow: 0 0 transparent; &#8211;tw-ring-shadow: 0 0 transparent; &#8211;tw-shadow: 0 0 transparent; &#8211;tw-shadow-colored: 0 0 transparent; &#8211;tw-blur: ; &#8211;tw-brightness: ; &#8211;tw-contrast: ; &#8211;tw-grayscale: ; &#8211;tw-hue-rotate: ; &#8211;tw-invert: ; &#8211;tw-saturate: ; &#8211;tw-sepia: ; &#8211;tw-drop-shadow: ; &#8211;tw-backdrop-blur: ; &#8211;tw-backdrop-brightness: ; &#8211;tw-backdrop-contrast: ; &#8211;tw-backdrop-grayscale: ; &#8211;tw-backdrop-hue-rotate: ; &#8211;tw-backdrop-invert: ; &#8211;tw-backdrop-opacity: ; &#8211;tw-backdrop-saturate: ; &#8211;tw-backdrop-sepia: ; margin-top: 1.25em; margin-bottom: 1.25em;&quot;&gt;Yar\u0131m kollu rattan sandalye, kullan\u0131c\u0131lara konforlu bir oturma deneyimi sunacak \u015fekilde tasarlanm\u0131\u015ft\u0131r. Sandalyenin ergonomik yap\u0131s\u0131, v\u00fccudun do\u011fal e\u011frilerini takip ederek rahat bir oturma pozisyonu sa\u011flar. Yar\u0131m kollar, kullan\u0131c\u0131lara kollar\u0131n\u0131 dinlendirebilecekleri ve destekleyebilecekleri bir alan sunar. Bu \u00f6zellik, uzun s\u00fcreli oturmalar s\u0131ras\u0131nda bile rahatl\u0131k ve konfor sa\u011flar.&lt;\/p&gt;&lt;p style=&quot;text-align: center; border: 0px solid rgb(217, 217, 227); &#8211;tw-border-spacing-x: 0; &#8211;tw-border-spacing-y: 0; &#8211;tw-translate-x: 0; &#8211;tw-translate-y: 0; &#8211;tw-rotate: 0; &#8211;tw-skew-x: 0; &#8211;tw-skew-y: 0; &#8211;tw-scale-x: 1; &#8211;tw-scale-y: 1; &#8211;tw-pan-x: ; &#8211;tw-pan-y: ; &#8211;tw-pinch-zoom: ; &#8211;tw-scroll-snap-strictness: proximity; &#8211;tw-gradient-from-position: ; &#8211;tw-gradient-via-position: ; &#8211;tw-gradient-to-position: ; &#8211;tw-ordinal: ; &#8211;tw-slashed-zero: ; &#8211;tw-numeric-figure: ; &#8211;tw-numeric-spacing: ; &#8211;tw-numeric-fraction: ; &#8211;tw-ring-inset: ; &#8211;tw-ring-offset-width: 0px; &#8211;tw-ring-offset-color: #fff; &#8211;tw-ring-color: rgba(69,89,164,.5); &#8211;tw-ring-offset-shadow: 0 0 transparent; &#8211;tw-ring-shadow: 0 0 transparent; &#8211;tw-shadow: 0 0 transparent; &#8211;tw-shadow-colored: 0 0 transparent; &#8211;tw-blur: ; &#8211;tw-brightness: ; &#8211;tw-contrast: ; &#8211;tw-grayscale: ; &#8211;tw-hue-rotate: ; &#8211;tw-invert: ; &#8211;tw-saturate: ; &#8211;tw-sepia: ; &#8211;tw-drop-shadow: ; &#8211;tw-backdrop-blur: ; &#8211;tw-backdrop-brightness: ; &#8211;tw-backdrop-contrast: ; &#8211;tw-backdrop-grayscale: ; &#8211;tw-backdrop-hue-rotate: ; &#8211;tw-backdrop-invert: ; &#8211;tw-backdrop-opacity: ; &#8211;tw-backdrop-saturate: ; &#8211;tw-backdrop-sepia: ; margin-top: 1.25em; margin-bottom: 1.25em;&quot;&gt;Palmiye Ko\u00e7ak&#039;\u0131n \u00fcretti\u011fi yar\u0131m kollu rattan sandalye, ayn\u0131 zamanda \u015f\u0131k bir tasar\u0131ma sahiptir. Minimalist \u00e7izgileri ve modern dokunu\u015flar\u0131yla mekanlara sofistike bir hava katar. Ayr\u0131ca, sandalyenin farkl\u0131 renk se\u00e7enekleri sunmas\u0131, kullan\u0131c\u0131lar\u0131n kendi tarzlar\u0131na ve mekanlar\u0131na uygun bir se\u00e7im yapmalar\u0131na olanak tan\u0131r.&lt;\/p&gt;&lt;p style=&quot;text-align: center; border: 0px solid rgb(217, 217, 227); &#8211;tw-border-spacing-x: 0; &#8211;tw-border-spacing-y: 0; &#8211;tw-translate-x: 0; &#8211;tw-translate-y: 0; &#8211;tw-rotate: 0; &#8211;tw-skew-x: 0; &#8211;tw-skew-y: 0; &#8211;tw-scale-x: 1; &#8211;tw-scale-y: 1; &#8211;tw-pan-x: ; &#8211;tw-pan-y: ; &#8211;tw-pinch-zoom: ; &#8211;tw-scroll-snap-strictness: proximity; &#8211;tw-gradient-from-position: ; &#8211;tw-gradient-via-position: ; &#8211;tw-gradient-to-position: ; &#8211;tw-ordinal: ; &#8211;tw-slashed-zero: ; &#8211;tw-numeric-figure: ; &#8211;tw-numeric-spacing: ; &#8211;tw-numeric-fraction: ; &#8211;tw-ring-inset: ; &#8211;tw-ring-offset-width: 0px; &#8211;tw-ring-offset-color: #fff; &#8211;tw-ring-color: rgba(69,89,164,.5); &#8211;tw-ring-offset-shadow: 0 0 transparent; &#8211;tw-ring-shadow: 0 0 transparent; &#8211;tw-shadow: 0 0 transparent; &#8211;tw-shadow-colored: 0 0 transparent; &#8211;tw-blur: ; &#8211;tw-brightness: ; &#8211;tw-contrast: ; &#8211;tw-grayscale: ; &#8211;tw-hue-rotate: ; &#8211;tw-invert: ; &#8211;tw-saturate: ; &#8211;tw-sepia: ; &#8211;tw-drop-shadow: ; &#8211;tw-backdrop-blur: ; &#8211;tw-backdrop-brightness: ; &#8211;tw-backdrop-contrast: ; &#8211;tw-backdrop-grayscale: ; &#8211;tw-backdrop-hue-rotate: ; &#8211;tw-backdrop-invert: ; &#8211;tw-backdrop-opacity: ; &#8211;tw-backdrop-saturate: ; &#8211;tw-backdrop-sepia: ; margin-top: 1.25em; margin-bottom: 1.25em;&quot;&gt;Sandalyenin rattan malzemeden \u00fcretilmi\u015f yar\u0131m kollar\u0131, do\u011fal ve s\u0131cak bir his uyand\u0131r\u0131r. Bu \u00f6zellik, mekan\u0131n\u0131za do\u011fal bir dokunu\u015f katarken, ayn\u0131 zamanda kullan\u0131c\u0131lar\u0131n ellerine ho\u015f bir his verir.&lt;\/p&gt;<\/p>\n","protected":false},"excerpt":{"rendered":"<p>&lt;p&gt;Yar\u0131m Kollu Rattan Sandalye- rbs5255 &#8211; Bah\u00e7e Sandalyeleri&amp;nbsp;&lt;br&gt;&lt;\/p&gt;&lt;p style=&quot;text-align: center; &quot;&gt;&lt;img src=&quot;https:\/\/www.palmiyekocak.com\/image\/catalog\/urun\/rattan-sandalye\/kapak454545-min.jpg&quot; style=&quot;width: 1303px;&quot;&gt;&lt;\/p&gt;&lt;p style=&quot;text-align: center; &quot;&gt;&lt;br&gt;&lt;\/p&gt;&lt;p style=&quot;text-align: center; &quot;&gt;&lt;br&gt;&lt;\/p&gt;&lt;p style=&quot;text-align: center; &quot;&gt;&lt;br&gt;&lt;\/p&gt;&lt;p style=&quot;text-align: center; &quot;&gt;&lt;img src=&quot;https:\/\/www.palmiyekocak.com\/image\/catalog\/urun\/rattan-sandalye\/222-min.jpg&quot; style=&quot;text-align: start; width: 1303px;&quot;&gt;&lt;\/p&gt;&lt;p style=&quot;text-align: center; &quot;&gt;&lt;br&gt;&lt;\/p&gt;&lt;p style=&quot;text-align: center; &quot;&gt;&lt;br&gt;&lt;\/p&gt;&lt;p style=&quot;text-align: center; &quot;&gt;&lt;br&gt;&lt;\/p&gt;&lt;p style=&quot;text-align: center; &quot;&gt;&lt;img src=&quot;https:\/\/www.palmiyekocak.com\/image\/catalog\/urun\/rattan-sandalye\/333-min.jpg&quot; style=&quot;text-align: start; width: 1303px;&quot;&gt;&lt;\/p&gt;&lt;p style=&quot;text-align: center; &quot;&gt;&lt;br&gt;&lt;\/p&gt;&lt;p style=&quot;text-align: center; &quot;&gt;&lt;br&gt;&lt;\/p&gt;&lt;p style=&quot;text-align: [&hellip;]<\/p>\n","protected":false},"featured_media":8898,"comment_status":"closed","ping_status":"open","template":"","meta":{"_joinchat":[]},"product_cat":[207,20,48,21,19],"product_tag":[],"class_list":{"0":"post-8897","1":"product","2":"type-product","3":"status-publish","4":"has-post-thumbnail","6":"product_cat-bahce-rattan-kollu-sandalye","7":"product_cat-bahce-rattan-sandalyeleri","8":"product_cat-bahce-sandalyeleri","9":"product_cat-rattan-enjeksiyon-sandalye","10":"product_cat-rattan-sandalyeler","12":"first","13":"instock","14":"product-type-simple"},"_links":{"self":[{"href":"https:\/\/palmiyesusleme.com\/index.php\/wp-json\/wp\/v2\/product\/8897","targetHints":{"allow":["GET"]}}],"collection":[{"href":"https:\/\/palmiyesusleme.com\/index.php\/wp-json\/wp\/v2\/product"}],"about":[{"href":"https:\/\/palmiyesusleme.com\/index.php\/wp-json\/wp\/v2\/types\/product"}],"replies":[{"embeddable":true,"href":"https:\/\/palmiyesusleme.com\/index.php\/wp-json\/wp\/v2\/comments?post=8897"}],"wp:featuredmedia":[{"embeddable":true,"href":"https:\/\/palmiyesusleme.com\/index.php\/wp-json\/wp\/v2\/media\/8898"}],"wp:attachment":[{"href":"https:\/\/palmiyesusleme.com\/index.php\/wp-json\/wp\/v2\/media?parent=8897"}],"wp:term":[{"taxonomy":"product_cat","embeddable":true,"href":"https:\/\/palmiyesusleme.com\/index.php\/wp-json\/wp\/v2\/product_cat?post=8897"},{"taxonomy":"product_tag","embeddable":true,"href":"https:\/\/palmiyesusleme.com\/index.php\/wp-json\/wp\/v2\/product_tag?post=8897"}],"curies":[{"name":"wp","href":"https:\/\/api.w.org\/{rel}","templated":true}]}}