{"id":9868,"date":"2024-03-07T16:36:28","date_gmt":"2024-03-07T13:36:28","guid":{"rendered":"https:\/\/palmiyesusleme.com\/index.php\/urun\/kapitoneli-lukens-ayakli-cafe-kanepesi\/"},"modified":"2024-03-07T16:36:46","modified_gmt":"2024-03-07T13:36:46","slug":"kapitoneli-lukens-ayakli-cafe-kanepesi","status":"publish","type":"product","link":"https:\/\/palmiyesusleme.com\/index.php\/urun\/kapitoneli-lukens-ayakli-cafe-kanepesi\/","title":{"rendered":"Kapitoneli Lukens Ayakl\u0131 Cafe Kanepesi"},"content":{"rendered":"<p>Kapitone kuma\u015f kaplamal\u0131 lukens ayakl\u0131 &lt;b&gt;sedir&lt;\/b&gt; modelleri farkl\u0131 renk se\u00e7enekleriyle kullan\u0131c\u0131lar\u0131n zevkine uygun olarak \u00fcretilmektedir. \u015e\u0131k g\u00f6r\u00fcn\u00fcm yakalamak istenen cafelerde tercih edilebilecek bir model olma \u00f6zelli\u011fi ta\u015f\u0131maktad\u0131r. Farkl\u0131 bir tasar\u0131m isteyen kullan\u0131c\u0131lar\u0131n mekanlar\u0131 i\u00e7in sadelikten uzak daha g\u00f6steri\u015fli olma isteklerine uygun modeldir.&lt;p&gt;&lt;br&gt;&lt;\/p&gt;&lt;table class=&quot;table table-bordered&quot;&gt;&lt;tbody&gt;&lt;tr&gt;&lt;td colspan=&quot;4&quot; class=&quot;text-center&quot;&gt;&lt;img src=&quot;\/image\/olcuresimsablon\/sedir-olcu-sablon.png&quot; alt=&quot;\u00d6l\u00e7\u00fc&quot;&gt;&lt;\/td&gt;&lt;\/tr&gt;&lt;tr&gt;&lt;td class=&quot;text-center&quot;&gt;&lt;span class=&quot;text-center&quot; style=&quot;vertical-align:middle&quot;&gt;&lt;strong&gt;Geni\u015flik&lt;\/strong&gt;&lt;\/span&gt;&lt;\/td&gt;&lt;td class=&quot;text-center&quot;&gt;&lt;span class=&quot;text-center&quot; style=&quot;vertical-align:middle&quot;&gt;&lt;strong&gt;Oturum Y\u00fcksekli\u011fi&lt;\/strong&gt;&lt;\/span&gt;&lt;\/td&gt;&lt;td class=&quot;text-center&quot;&gt;&lt;span class=&quot;text-center&quot; style=&quot;vertical-align:middle&quot;&gt;&lt;strong&gt;Derinlik&lt;\/strong&gt;&lt;\/span&gt;&lt;\/td&gt;&lt;td class=&quot;text-center&quot;&gt;&lt;span class=&quot;text-center&quot; style=&quot;vertical-align:middle&quot;&gt;&lt;strong&gt;Y\u00fckseklik&lt;\/strong&gt;&lt;\/span&gt;&lt;\/td&gt;&lt;\/tr&gt;&lt;tr&gt;&lt;td class=&quot;text-center&quot;&gt;&amp;nbsp;140 cm&lt;\/td&gt;&lt;td class=&quot;text-center&quot;&gt;47 cm&lt;\/td&gt;&lt;td class=&quot;text-center&quot;&gt;70 cm&lt;\/td&gt;&lt;td class=&quot;text-center&quot;&gt;130 cm&lt;\/td&gt;&lt;\/tr&gt;&lt;tr&gt;&lt;td class=&quot;text-center&quot; colspan=&quot;4&quot;&gt;\u0130ste\u011fe \u00f6zel olarak malzeme cinsinde (ah\u015fap,boya,kuma\u015f,deri) ve \u00fcr\u00fcn \u00f6l\u00e7\u00fclerinde de\u011fi\u015fiklik yap\u0131labilir.&lt;\/td&gt;&lt;\/tr&gt;&lt;\/tbody&gt;&lt;\/table&gt;&lt;p&gt;&lt;\/p&gt;<\/p>\n","protected":false},"excerpt":{"rendered":"<p>Kapitone kuma\u015f kaplamal\u0131 lukens ayakl\u0131 &lt;b&gt;sedir&lt;\/b&gt; modelleri farkl\u0131 renk se\u00e7enekleriyle kullan\u0131c\u0131lar\u0131n zevkine uygun olarak \u00fcretilmektedir. \u015e\u0131k g\u00f6r\u00fcn\u00fcm yakalamak istenen cafelerde tercih edilebilecek bir model olma \u00f6zelli\u011fi ta\u015f\u0131maktad\u0131r. Farkl\u0131 bir tasar\u0131m isteyen kullan\u0131c\u0131lar\u0131n mekanlar\u0131 i\u00e7in sadelikten uzak daha g\u00f6steri\u015fli olma isteklerine uygun modeldir.&lt;p&gt;&lt;br&gt;&lt;\/p&gt;&lt;table class=&quot;table table-bordered&quot;&gt;&lt;tbody&gt;&lt;tr&gt;&lt;td colspan=&quot;4&quot; class=&quot;text-center&quot;&gt;&lt;img src=&quot;\/image\/olcuresimsablon\/sedir-olcu-sablon.png&quot; alt=&quot;\u00d6l\u00e7\u00fc&quot;&gt;&lt;\/td&gt;&lt;\/tr&gt;&lt;tr&gt;&lt;td class=&quot;text-center&quot;&gt;&lt;span class=&quot;text-center&quot; style=&quot;vertical-align:middle&quot;&gt;&lt;strong&gt;Geni\u015flik&lt;\/strong&gt;&lt;\/span&gt;&lt;\/td&gt;&lt;td class=&quot;text-center&quot;&gt;&lt;span class=&quot;text-center&quot; style=&quot;vertical-align:middle&quot;&gt;&lt;strong&gt;Oturum Y\u00fcksekli\u011fi&lt;\/strong&gt;&lt;\/span&gt;&lt;\/td&gt;&lt;td [&hellip;]<\/p>\n","protected":false},"featured_media":9869,"comment_status":"closed","ping_status":"open","template":"","meta":{"_joinchat":[]},"product_cat":[24,23,22],"product_tag":[],"class_list":{"0":"post-9868","1":"product","2":"type-product","3":"status-publish","4":"has-post-thumbnail","6":"product_cat-cafe-koltuklari","7":"product_cat-loca","8":"product_cat-sedir-koltuk","10":"first","11":"instock","12":"product-type-simple"},"_links":{"self":[{"href":"https:\/\/palmiyesusleme.com\/index.php\/wp-json\/wp\/v2\/product\/9868","targetHints":{"allow":["GET"]}}],"collection":[{"href":"https:\/\/palmiyesusleme.com\/index.php\/wp-json\/wp\/v2\/product"}],"about":[{"href":"https:\/\/palmiyesusleme.com\/index.php\/wp-json\/wp\/v2\/types\/product"}],"replies":[{"embeddable":true,"href":"https:\/\/palmiyesusleme.com\/index.php\/wp-json\/wp\/v2\/comments?post=9868"}],"wp:featuredmedia":[{"embeddable":true,"href":"https:\/\/palmiyesusleme.com\/index.php\/wp-json\/wp\/v2\/media\/9869"}],"wp:attachment":[{"href":"https:\/\/palmiyesusleme.com\/index.php\/wp-json\/wp\/v2\/media?parent=9868"}],"wp:term":[{"taxonomy":"product_cat","embeddable":true,"href":"https:\/\/palmiyesusleme.com\/index.php\/wp-json\/wp\/v2\/product_cat?post=9868"},{"taxonomy":"product_tag","embeddable":true,"href":"https:\/\/palmiyesusleme.com\/index.php\/wp-json\/wp\/v2\/product_tag?post=9868"}],"curies":[{"name":"wp","href":"https:\/\/api.w.org\/{rel}","templated":true}]}}