{"id":9884,"date":"2024-03-07T16:36:52","date_gmt":"2024-03-07T13:36:52","guid":{"rendered":"https:\/\/palmiyesusleme.com\/index.php\/urun\/altin-renkli-deri-dosemeli-cafe-sediri\/"},"modified":"2024-03-07T16:36:57","modified_gmt":"2024-03-07T13:36:57","slug":"altin-renkli-deri-dosemeli-cafe-sediri","status":"publish","type":"product","link":"https:\/\/palmiyesusleme.com\/index.php\/urun\/altin-renkli-deri-dosemeli-cafe-sediri\/","title":{"rendered":"Alt\u0131n Renkli Deri D\u00f6\u015femeli Cafe Sediri"},"content":{"rendered":"<p>&lt;p&gt;Alt\u0131n(Gold) renkli deri d\u00f6\u015femeli sedir modeli farkl\u0131 kullan\u0131m alanlar\u0131nda (cafe ve dinlenme \/ e\u011flenme mekan\u0131) \u015f\u0131kl\u0131\u011f\u0131 yans\u0131tmak i\u00e7in kullan\u0131lmaktad\u0131r. Rengin ortama katt\u0131\u011f\u0131 \u0131\u015f\u0131lt\u0131 sayesinde ayd\u0131nl\u0131k ve g\u00f6z al\u0131c\u0131 bir g\u00f6r\u00fcn\u00fcm olu\u015fturmaktad\u0131r. A\u00e7\u0131k renk ve modern \u00e7izgiyi yakalamak isteyenlerin tercihi olan bu sedirler istenilen ebatlarda ve modelde tasarlanmaktad\u0131r.&lt;\/p&gt;&lt;p&gt;\u00dcr\u00fcn hakk\u0131nda bilgi ve fiyat almak i\u00e7in \u00fcr\u00fcn kodunu ve adetini bize E-posta, Whatsapp veya Telefon yoluyla iletiniz. Sat\u0131\u015f ekibimiz en k\u0131sa s\u00fcrede size d\u00f6necektir.&lt;\/p&gt;&lt;hr&gt;&lt;p&gt;\u0130ste\u011fe \u00f6zel olarak malzeme cinsinde (ah\u015fap,boya,kuma\u015f,deri) ve \u00fcr\u00fcn \u00f6l\u00e7\u00fclerinde de\u011fi\u015fiklik yap\u0131labilir.&lt;br&gt;&lt;\/p&gt;&lt;table class=&quot;table table-bordered&quot;&gt;<br \/>\n&lt;tbody&gt;<br \/>\n&lt;tr&gt;<br \/>\n&lt;td colspan=&quot;4&quot; class=&quot;text-center&quot; style=&quot;vertical-align:middle&quot;&gt;&lt;img src=&quot;\/image\/olcuresimsablon\/sedir-olcu-sablon.png&quot; alt=&quot;\u00d6l\u00e7\u00fc&quot;&gt;&lt;\/td&gt;<br \/>\n&lt;\/tr&gt;<br \/>\n&lt;tr&gt;<br \/>\n&lt;td class=&quot;text-center&quot; style=&quot;vertical-align:middle&quot;&gt;&lt;span class=&quot;text-center&quot; style=&quot;vertical-align:middle&quot;&gt;&lt;strong&gt;Geni\u015flik&lt;\/strong&gt;&lt;\/span&gt;&lt;\/td&gt;<br \/>\n&lt;td class=&quot;text-center&quot; style=&quot;vertical-align:middle&quot;&gt;&lt;span class=&quot;text-center&quot; style=&quot;vertical-align:middle&quot;&gt;&lt;strong&gt;Oturum Y\u00fcksekli\u011fi&lt;\/strong&gt;&lt;\/span&gt;&lt;\/td&gt;<br \/>\n&lt;td class=&quot;text-center&quot; style=&quot;vertical-align:middle&quot;&gt;&lt;span class=&quot;text-center&quot; style=&quot;vertical-align:middle&quot;&gt;&lt;strong&gt;Derinlik&lt;\/strong&gt;&lt;\/span&gt;&lt;\/td&gt;<br \/>\n&lt;td class=&quot;text-center&quot; style=&quot;vertical-align:middle&quot;&gt;&lt;span class=&quot;text-center&quot; style=&quot;vertical-align:middle&quot;&gt;&lt;strong&gt;Y\u00fckseklik&lt;\/strong&gt;&lt;\/span&gt;&lt;\/td&gt;<br \/>\n&lt;\/tr&gt;<br \/>\n&lt;tr&gt;<br \/>\n&lt;td class=&quot;text-center&quot; style=&quot;vertical-align:middle&quot;&gt;&amp;nbsp;135 cm&lt;\/td&gt;<br \/>\n&lt;td class=&quot;text-center&quot; style=&quot;vertical-align:middle&quot;&gt;&amp;nbsp;47 cm&lt;\/td&gt;<br \/>\n&lt;td class=&quot;text-center&quot; style=&quot;vertical-align:middle&quot;&gt;70 cm&amp;nbsp;&lt;\/td&gt;<br \/>\n&lt;td class=&quot;text-center&quot; style=&quot;vertical-align:middle&quot;&gt;&amp;nbsp;140 cm&lt;\/td&gt;<br \/>\n&lt;\/tr&gt;<br \/>\n&lt;tr&gt;<br \/>\n&lt;td class=&quot;text-center&quot; style=&quot;vertical-align:middle&quot; colspan=&quot;4&quot;&gt;\u0130ste\u011fe \u00f6zel olarak malzeme cinsinde (ah\u015fap,boya,kuma\u015f,deri) ve \u00fcr\u00fcn \u00f6l\u00e7\u00fclerinde de\u011fi\u015fiklik yap\u0131labilir.&lt;\/td&gt;<br \/>\n&lt;\/tr&gt;<br \/>\n&lt;\/tbody&gt;<br \/>\n&lt;\/table&gt;<br \/>\n&lt;hr&gt;&lt;p&gt;&lt;\/p&gt;<\/p>\n","protected":false},"excerpt":{"rendered":"<p>&lt;p&gt;Alt\u0131n(Gold) renkli deri d\u00f6\u015femeli sedir modeli farkl\u0131 kullan\u0131m alanlar\u0131nda (cafe ve dinlenme \/ e\u011flenme mekan\u0131) \u015f\u0131kl\u0131\u011f\u0131 yans\u0131tmak i\u00e7in kullan\u0131lmaktad\u0131r. Rengin ortama katt\u0131\u011f\u0131 \u0131\u015f\u0131lt\u0131 sayesinde ayd\u0131nl\u0131k ve g\u00f6z al\u0131c\u0131 bir g\u00f6r\u00fcn\u00fcm olu\u015fturmaktad\u0131r. A\u00e7\u0131k renk ve modern \u00e7izgiyi yakalamak isteyenlerin tercihi olan bu sedirler istenilen ebatlarda ve modelde tasarlanmaktad\u0131r.&lt;\/p&gt;&lt;p&gt;\u00dcr\u00fcn hakk\u0131nda bilgi ve fiyat almak i\u00e7in \u00fcr\u00fcn kodunu [&hellip;]<\/p>\n","protected":false},"featured_media":9885,"comment_status":"closed","ping_status":"open","template":"","meta":{"_joinchat":[]},"product_cat":[24,23,22],"product_tag":[],"class_list":{"0":"post-9884","1":"product","2":"type-product","3":"status-publish","4":"has-post-thumbnail","6":"product_cat-cafe-koltuklari","7":"product_cat-loca","8":"product_cat-sedir-koltuk","10":"first","11":"instock","12":"product-type-simple"},"_links":{"self":[{"href":"https:\/\/palmiyesusleme.com\/index.php\/wp-json\/wp\/v2\/product\/9884","targetHints":{"allow":["GET"]}}],"collection":[{"href":"https:\/\/palmiyesusleme.com\/index.php\/wp-json\/wp\/v2\/product"}],"about":[{"href":"https:\/\/palmiyesusleme.com\/index.php\/wp-json\/wp\/v2\/types\/product"}],"replies":[{"embeddable":true,"href":"https:\/\/palmiyesusleme.com\/index.php\/wp-json\/wp\/v2\/comments?post=9884"}],"wp:featuredmedia":[{"embeddable":true,"href":"https:\/\/palmiyesusleme.com\/index.php\/wp-json\/wp\/v2\/media\/9885"}],"wp:attachment":[{"href":"https:\/\/palmiyesusleme.com\/index.php\/wp-json\/wp\/v2\/media?parent=9884"}],"wp:term":[{"taxonomy":"product_cat","embeddable":true,"href":"https:\/\/palmiyesusleme.com\/index.php\/wp-json\/wp\/v2\/product_cat?post=9884"},{"taxonomy":"product_tag","embeddable":true,"href":"https:\/\/palmiyesusleme.com\/index.php\/wp-json\/wp\/v2\/product_tag?post=9884"}],"curies":[{"name":"wp","href":"https:\/\/api.w.org\/{rel}","templated":true}]}}